{"id":26,"date":"2021-08-10T19:18:53","date_gmt":"2021-08-10T19:18:53","guid":{"rendered":"http:\/\/2021.forzaitalia.pl\/?page_id=26"},"modified":"2021-08-10T19:18:53","modified_gmt":"2021-08-10T19:18:53","slug":"idea","status":"publish","type":"page","link":"http:\/\/2021.forzaitalia.pl\/index.php\/idea\/","title":{"rendered":"Idea"},"content":{"rendered":"<p>Inicjatywa ForzaItalia.pl powsta\u0142a z ch\u0119ci integracji polskiego \u015brodowiska mi\u0142o\u015bnik\u00f3w w\u0142oskich pojazd\u00f3w. \u015aledzimy co si\u0119 dzieje w naszym otoczeniu, promujemy i wspieramy najciekawsze inicjatywy oraz pokazujemy tak\u017ce ciekawe przyk\u0142ady aktywno\u015bci pasjonat\u00f3w w\u0142oskiej my\u015bli technicznej \u00a0z zagranicy.<\/p>\n<p>Spotkania pod has\u0142em Forza Italia organizowane by\u0142y na terenie by\u0142ej Fabryki Norblina w murach Muzeum Motoryzacji. Po przeniesieniu muzeum nast\u0105pi\u0142a ponad roczna przerwa i z inicjatyw\u0105 powr\u00f3cili\u015bmy w 2010 roku, pomagaj\u0105c Automobilklubowi Polski zorganizowa\u0107 Zlot Gwia\u017adzisty Mi\u0142o\u015bnik\u00f3w Zabytkowej Motoryzacji.<\/p>\n<p>W 2011 po raz pierwszy spotkali\u015bmy si\u0119 na terenie Pa\u0142acu w Oborach. Dwudniowy piknik by\u0142 prawdziwym \u015bwi\u0119tem w\u0142oskiej motoryzacji w Polsce, imprez\u0105 klubow\u0105 o niespotykanym do tej pory charakterze.<\/p>\n<p>W 2012 ponownie zaprosili\u015bmy mi\u0142o\u015bnik\u00f3w Italii do Ob\u00f3r. Druga ods\u0142ona pikniku przyci\u0105gn\u0119\u0142a du\u017co wi\u0119kszy t\u0142um mi\u0142o\u015bnik\u00f3w oraz posiadaczy w\u0142oskich pojazd\u00f3w.<\/p>\n<p><a href=\"http:\/\/2013.forzaitalia.pl\/wp-content\/uploads\/2013\/05\/8008503194_b4578651fe_c.jpg\"><img loading=\"lazy\" decoding=\"async\" class=\"wp-image-8 aligncenter\" src=\"http:\/\/2013.forzaitalia.pl\/wp-content\/uploads\/2013\/05\/8008503194_b4578651fe_c.jpg\" alt=\"Piknik Forza Italia w Oborach 2012\" width=\"560\" height=\"375\" \/><\/a><\/p>\n<p>Relacje oraz materia\u0142y ze spotkania znajduj\u0105 si\u0119 ca\u0142y czas na stronach tych edycji &#8211;\u00a0<a href=\"http:\/\/2011.forzaitalia.pl\/\">2011\u00a0<\/a>i\u00a0<a href=\"http:\/\/2012.forzaitalia.pl\/\">2012<\/a>.<\/p>\n<p>W 2013\u00a0roku po raz pierwszy spotkali\u015bmy\u00a0si\u0119 na Torze Pozna\u0144, gdzie wsp\u00f3lnie z firm\u0105 Pol Car stworzyli\u015bmy\u00a0prawdziwy festiwal w\u0142oskiej motoryzacji na torze.<\/p>\n<p><a href=\"http:\/\/2013.forzaitalia.pl\/wp-content\/uploads\/2013\/05\/6174981582_95ef303410_b.jpg\"><img loading=\"lazy\" decoding=\"async\" class=\"wp-image-7 aligncenter\" src=\"http:\/\/2013.forzaitalia.pl\/wp-content\/uploads\/2013\/05\/6174981582_95ef303410_b.jpg\" alt=\"Alfa Romeo 75 na Torze Pozna\u0144\" width=\"655\" height=\"369\" \/><\/a><\/p>\n<p>W 2014 roku spotkalismy si\u0119 w Rozalinie na naszym Concorso d&#8217;Eleganza na kolejnej edycji w\u0142oskiego pikniku.<\/p>\n<p><img loading=\"lazy\" decoding=\"async\" class=\"alignnone size-large wp-image-22\" src=\"http:\/\/2016.forzaitalia.pl\/wp-content\/uploads\/2016\/07\/15307703386_a366d1a4c8_h-1024x685.jpg\" alt=\"Pa\u0142ac Rozalin ForzaItalia.pl 2014\" width=\"1024\" height=\"685\" \/><\/p>\n<p>W 2016 spotkali\u015bmy si\u0119 w Dworze Many<\/p>\n<p><img loading=\"lazy\" decoding=\"async\" class=\"alignnone wp-image-21 size-full\" src=\"http:\/\/2017.forzaitalia.pl\/wp-content\/uploads\/2017\/07\/ForzaItalia2016_04-e1500061944444.jpg\" alt=\"\" width=\"2048\" height=\"1371\" \/><\/p>\n<p>W 2017 spotkali\u015bmy si\u0119 w Pa\u0142acu w Smoszewie<\/p>\n<p><img loading=\"lazy\" decoding=\"async\" class=\"alignnone size-full wp-image-18\" src=\"http:\/\/2018.forzaitalia.pl\/wp-content\/uploads\/2018\/06\/DK2B6080.jpg\" alt=\"Pa\u0142ac Smoszewo Forza Italia 2017\" width=\"1920\" height=\"1280\" \/><\/p>\n<p>W 2018 spotkali\u015bmy si\u0119 w Pa\u0142acu Alexandrinum<\/p>\n<p><img loading=\"lazy\" decoding=\"async\" class=\"alignnone wp-image-23 size-full\" src=\"http:\/\/2019.forzaitalia.pl\/wp-content\/uploads\/2019\/06\/Z4.jpg\" alt=\"\" width=\"2048\" height=\"1297\" \/><\/p>\n<p>W 2019 ponownie spotkali\u015bmy si\u0119 w Pa\u0142acu Alexandrinum.<\/p>\n<p><img loading=\"lazy\" decoding=\"async\" class=\"alignnone wp-image-27 size-full\" src=\"http:\/\/2021.forzaitalia.pl\/wp-content\/uploads\/2021\/08\/Forza19_078.jpg\" alt=\"\" width=\"2048\" height=\"1365\" srcset=\"http:\/\/2021.forzaitalia.pl\/wp-content\/uploads\/2021\/08\/Forza19_078.jpg 2048w, http:\/\/2021.forzaitalia.pl\/wp-content\/uploads\/2021\/08\/Forza19_078-300x200.jpg 300w, http:\/\/2021.forzaitalia.pl\/wp-content\/uploads\/2021\/08\/Forza19_078-1024x683.jpg 1024w, http:\/\/2021.forzaitalia.pl\/wp-content\/uploads\/2021\/08\/Forza19_078-768x512.jpg 768w, http:\/\/2021.forzaitalia.pl\/wp-content\/uploads\/2021\/08\/Forza19_078-1536x1024.jpg 1536w\" sizes=\"auto, (max-width: 2048px) 100vw, 2048px\" \/><\/p>\n<p>W 2020 zorganizowali\u015bmy zlot w formule na odleg\u0142o\u015b\u0107 &#8211; Forza Italia a Distanza:<\/p>\n<div class=\"post-video\"><iframe loading=\"lazy\" data-tf-not-load=\"1\" title=\"Forza Italia a Distanza 2020\" width=\"1165\" height=\"655\" src=\"https:\/\/www.youtube.com\/embed\/k8sFun0gNrU?feature=oembed\" frameborder=\"0\" allow=\"accelerometer; autoplay; clipboard-write; encrypted-media; gyroscope; picture-in-picture\" allowfullscreen><\/iframe><\/div>\n<p>W tym roku zapraszamy do Pa\u0142acu Rozalin gdzie ponownie stworzymy ma\u0142e, radosne w\u0142oskie miasteczko!<\/p>\n<p><strong>Dla kogo jest organizowany ten zlot ?<\/strong><\/p>\n<p>Dla posiadaczy w\u0142oskich pojazd\u00f3w, zar\u00f3wno zabytkowych jak i wsp\u00f3\u0142czesnych.<\/p>\n<p>Dla klubowicz\u00f3w, licznie zrzeszonych w polskich klubach i forach sympatyk\u00f3w r\u00f3\u017cnych w\u0142oskich marek.<\/p>\n<p>Dla mi\u0142o\u015bnik\u00f3w w\u0142oskiej my\u015bli technicznej, kt\u00f3rzy chcieliby zg\u0142\u0119bi\u0107 swoj\u0105 wiedz\u0119 i pozna\u0107 w\u0142a\u015bcicieli unikalnych pojazd\u00f3w.<\/p>\n<p>Dla aktywnych i otwartych na nowe horyzonty os\u00f3b, kt\u00f3re chc\u0105 pozna\u0107 bli\u017cej klimat \u015brodowiska mi\u0142o\u015bnik\u00f3w w\u0142oskiej motoryzacji.<\/p>\n<div>\n<p>Serdecznie zapraszamy!<\/p>\n<p>Redakcja ForzaItalia.pl<\/p>\n<\/div>\n<!--themify_builder_content-->\n<div id=\"themify_builder_content-26\" data-postid=\"26\" class=\"themify_builder_content themify_builder_content-26 themify_builder tf_clear\">\n    <\/div>\n<!--\/themify_builder_content-->\n","protected":false},"excerpt":{"rendered":"<p>Inicjatywa ForzaItalia.pl powsta\u0142a z ch\u0119ci integracji polskiego \u015brodowiska mi\u0142o\u015bnik\u00f3w w\u0142oskich pojazd\u00f3w. \u015aledzimy co si\u0119 dzieje w naszym otoczeniu, promujemy i wspieramy najciekawsze inicjatywy oraz pokazujemy tak\u017ce ciekawe przyk\u0142ady aktywno\u015bci pasjonat\u00f3w w\u0142oskiej my\u015bli technicznej \u00a0z zagranicy. Spotkania pod has\u0142em Forza Italia organizowane by\u0142y na terenie by\u0142ej Fabryki Norblina w murach Muzeum Motoryzacji. Po przeniesieniu muzeum nast\u0105pi\u0142a [&hellip;]<\/p>\n","protected":false},"author":1,"featured_media":0,"parent":0,"menu_order":0,"comment_status":"closed","ping_status":"closed","template":"","meta":{"footnotes":""},"class_list":["post-26","page","type-page","status-publish","hentry","has-post-title","has-post-date","has-post-category","has-post-tag","has-post-comment","has-post-author",""],"_links":{"self":[{"href":"http:\/\/2021.forzaitalia.pl\/index.php\/wp-json\/wp\/v2\/pages\/26","targetHints":{"allow":["GET"]}}],"collection":[{"href":"http:\/\/2021.forzaitalia.pl\/index.php\/wp-json\/wp\/v2\/pages"}],"about":[{"href":"http:\/\/2021.forzaitalia.pl\/index.php\/wp-json\/wp\/v2\/types\/page"}],"author":[{"embeddable":true,"href":"http:\/\/2021.forzaitalia.pl\/index.php\/wp-json\/wp\/v2\/users\/1"}],"replies":[{"embeddable":true,"href":"http:\/\/2021.forzaitalia.pl\/index.php\/wp-json\/wp\/v2\/comments?post=26"}],"version-history":[{"count":2,"href":"http:\/\/2021.forzaitalia.pl\/index.php\/wp-json\/wp\/v2\/pages\/26\/revisions"}],"predecessor-version":[{"id":29,"href":"http:\/\/2021.forzaitalia.pl\/index.php\/wp-json\/wp\/v2\/pages\/26\/revisions\/29"}],"wp:attachment":[{"href":"http:\/\/2021.forzaitalia.pl\/index.php\/wp-json\/wp\/v2\/media?parent=26"}],"curies":[{"name":"wp","href":"https:\/\/api.w.org\/{rel}","templated":true}]}}